{"id":14869,"date":"2014-05-20T07:51:11","date_gmt":"2014-05-20T07:51:11","guid":{"rendered":"http:\/\/demo.qodeinteractive.com\/bridge49\/?page_id=14869"},"modified":"2026-07-02T07:38:21","modified_gmt":"2026-07-02T07:38:21","slug":"home","status":"publish","type":"page","link":"https:\/\/cmk.lu\/","title":{"rendered":"Home"},"content":{"rendered":"<div class=\"wpb-content-wrapper\">\t\t<div data-elementor-type=\"wp-page\" data-elementor-id=\"14869\" class=\"elementor elementor-14869\">\n\t\t\t\t<div class=\"elementor-element elementor-element-1f450163 e-flex e-con-boxed parallax_section_no qode_elementor_container_no e-con e-parent\" data-id=\"1f450163\" data-element_type=\"container\">\n\t\t\t\t\t<div class=\"e-con-inner\">\n\t\t\t\t<div class=\"elementor-element elementor-element-6d79dc8b elementor-widget elementor-widget-text-editor\" data-id=\"6d79dc8b\" data-element_type=\"widget\" data-widget_type=\"text-editor.default\">\n\t\t\t\t<div class=\"elementor-widget-container\">\n\t\t\t\t\t\t\t<div   data-q_id=\"#home\"    class=\"vc_row wpb_row section vc_row-fluid  vc_custom_1731602803008\" style=' padding-top:0px; padding-bottom:0px; text-align:left;'><div class=\" full_section_inner clearfix\"><div class=\"wpb_column vc_column_container vc_col-sm-12\"><div class=\"vc_column-inner\"><div class=\"wpb_wrapper\">\n\t\t\t\t<p class=\"rs-p-wp-fix\"><\/p>\n\t\t\t\t<sr7-module data-alias=\"2024-header\" data-id=\"2\" id=\"SR7_2_1\" class=\"rs-ov-hidden\" data-version=\"6.7.20\">\n\t\t\t\t\t<sr7-adjuster><\/sr7-adjuster>\n\t\t\t\t\t<sr7-content>\n\t\t\t\t\t\t<sr7-slide id=\"SR7_2_1-4\" data-key=\"4\">\n\t\t\t\t\t\t<\/sr7-slide>\n\t\t\t\t\t\t<sr7-slide id=\"SR7_2_1-5\" data-key=\"5\">\n\t\t\t\t\t\t<\/sr7-slide>\n\t\t\t\t\t<\/sr7-content>\n\t\t\t\t\t<image_lists style=\"display:none\">\n\t\t\t\t\t\t<img data-src=\"\/\/cmk.lu\/wp-content\/uploads\/2024\/11\/1-cross-cmk-half.png\" data-libid=\"16465\" data-lib=\"medialibrary\" title=\"cross-cmk-half\" width=\"0\" height=\"0\" data-dbsrc=\"Ly9jbWsubHUvd3AtY29udGVudC91cGxvYWRzLzIwMjQvMTEvMS1jcm9zcy1jbWstaGFsZi5wbmc=\"\/>\n\t\t\t\t\t\t<img data-src=\"\/\/cmk.lu\/wp-content\/uploads\/2024\/11\/cross-cmk-green.png\" data-libid=\"16459\" data-lib=\"medialibrary\" title=\"cross-cmk-green\" width=\"0\" height=\"0\" data-dbsrc=\"Ly9jbWsubHUvd3AtY29udGVudC91cGxvYWRzLzIwMjQvMTEvY3Jvc3MtY21rLWdyZWVuLnBuZw==\"\/>\n\t\t\t\t\t\t<img data-src=\"\/\/cmk.lu\/wp-content\/uploads\/2024\/11\/slider-1.png\" data-libid=\"16381\" data-lib=\"medialibrary\" title=\"slider-1\" width=\"0\" height=\"0\" data-dbsrc=\"Ly9jbWsubHUvd3AtY29udGVudC91cGxvYWRzLzIwMjQvMTEvc2xpZGVyLTEucG5n\"\/>\n\t\t\t\t\t<\/image_lists>\n\t\t\t\t<\/sr7-module>\n\t\t\t\t<script>\n\t\t\t\t\tSR7.PMH ??={}; SR7.PMH[\"SR7_2_1\"] = {cn:0,state:false,fn: function() { if (_tpt!==undefined && _tpt.prepareModuleHeight !== undefined) {  _tpt.prepareModuleHeight({id:\"SR7_2_1\",el:[550,550,720,380,240],type:'standard',shdw:'0',gh:[550,550,720,380,240],gw:[1230,1230,1024,767,480],vpt:['20%&#039;,&#039;20%&#039;,&#039;20%&#039;,&#039;20%&#039;,&#039;20%'],size:{fullWidth:false, fullHeight:false},mh:'0',onh:0,onw:0,bg:{color:'{\"orig\":\"transparent\",\"type\":\"solid\",\"string\":\"transparent\"}'},plType:'-1',plColor:'#FFFFFF'});   SR7.PMH[\"SR7_2_1\"].state=true;} else if((SR7.PMH[\"SR7_2_1\"].cn++)<100)\tsetTimeout( SR7.PMH[\"SR7_2_1\"].fn,19);}};SR7.PMH[\"SR7_2_1\" ].fn();\n\t\t\t\t<\/script>\n<\/div><\/div><\/div><\/div><\/div><div   data-q_id=\"#home\"    class=\"vc_row wpb_row section vc_row-fluid  grid_section\" style=' padding-top:20px; padding-bottom:0px; text-align:left;'><div class=\" section_inner clearfix\"><div class='section_inner_margin clearfix'><div class=\"wpb_column vc_column_container vc_col-sm-12\"><div class=\"vc_column-inner\"><div class=\"wpb_wrapper\"><div   data-q_id=\"#home\"    class=\"vc_row wpb_row section vc_row-fluid vc_inner \" style=' padding-bottom:10px; text-align:left;'><div class=\" full_section_inner clearfix\"><div class=\"wpb_column vc_column_container vc_col-sm-6 vc_col-has-fill\"><div class=\"vc_column-inner vc_custom_1731515370088\"><div class=\"wpb_wrapper\"><div class=\"separator  transparent   \" style=\"margin-top: 25px;margin-bottom: 0px;\"><\/div>\n\n\t<div class=\"wpb_text_column wpb_content_element \">\n\t\t<div class=\"wpb_wrapper\">\n\t\t\t<h3><span style=\"color: #ffffff;\">Horaires du secr\u00e9tariat<\/span><\/h3>\n\n\t\t<\/div> \n\t<\/div> <div class=\"separator  transparent   \" style=\"margin-top: 20px;margin-bottom: 0px;\"><\/div>\n\n\t<div class=\"wpb_text_column wpb_content_element \">\n\t\t<div class=\"wpb_wrapper\">\n\t\t\t<p><span style=\"color: #ffffff;\">Lundi \u00e0 Vendredi : 8:00 - 12:15 et 13:15 - 17:00<\/span><\/p>\n<p><span style=\"color: #ffffff;\">Rendez-vous m\u00e9decins g\u00e9n\u00e9ralistes : <span style=\"text-decoration: underline;\"><a style=\"color: #ffffff; text-decoration: underline;\" href=\"tel:+352261066\">26 10 66<\/a><\/span><\/span><\/p>\n<p><span style=\"color: #ffffff;\">Urgences : <span style=\"text-decoration: underline;\"><a style=\"color: #ffffff; text-decoration: underline;\" href=\"tel: 112\">112<\/a><\/span><\/span><\/p>\n\n\t\t<\/div> \n\t<\/div> <div class=\"separator  transparent   \" style=\"margin-top: 50px;margin-bottom: 0px;\"><\/div>\n<\/div><\/div><\/div><div class=\"wpb_column vc_column_container vc_col-sm-6 vc_col-has-fill\"><div class=\"vc_column-inner vc_custom_1731513913513\"><div class=\"wpb_wrapper\"><div class=\"separator  transparent   \" style=\"margin-top: 25px;margin-bottom: 0px;\"><\/div>\n\n\t<div class=\"wpb_text_column wpb_content_element \">\n\t\t<div class=\"wpb_wrapper\">\n\t\t\t<h3><a href=\"https:\/\/www.doctena.lu\/en\/practice\/luxembourg-kirchberg\/centre-medical-kirchberg-275\"><span style=\"color: #ffffff;\">Rendez-vous en ligne<\/span><\/a><\/h3>\n\n\t\t<\/div> \n\t<\/div> <div class=\"separator  transparent   \" style=\"margin-top: 20px;margin-bottom: 0px;\"><\/div>\n\n\t<div class=\"wpb_text_column wpb_content_element \">\n\t\t<div class=\"wpb_wrapper\">\n\t\t\t<p><span style=\"color: #ffffff;\"><a class=\"cws_button contact-us \" style=\"color: #ffffff;\" href=\"https:\/\/en.doctena.lu\/doctor\/Dr_Ben_Burton_Centre_Medical_Kirchberg-5386\/Centre_Medical_Kirchberg-275\" target=\"_blank\" rel=\"noopener noreferrer\">Dr Ben Burton<\/a><\/span><\/p>\n<p><span style=\"color: #ffffff;\"><a class=\"cws_button contact-us \" style=\"color: #ffffff;\" href=\"https:\/\/en.doctena.lu\/doctor\/Dr_Anouk_Elvinger_Centre_Medical_Kirchberg-345\/Centre_Medical_Kirchberg-275\" target=\"_blank\" rel=\"noopener noreferrer\">Dr Anouk Elvinger<\/a><\/span><\/p>\n<p><span style=\"color: #ffffff;\"><a class=\"cws_button contact-us \" style=\"color: #ffffff;\" href=\"https:\/\/en.doctena.lu\/doctor\/Dr_Leily_Saberin_Centre_Medical_Kirchberg-163\/Centre_Medical_Kirchberg-275\" target=\"_blank\" rel=\"noopener noreferrer\">Dr Leily Saberin<\/a><\/span><\/p>\n\n\t\t<\/div> \n\t<\/div> <div class=\"separator  transparent   \" style=\"margin-top: 50px;margin-bottom: 0px;\"><\/div>\n<\/div><\/div><\/div><\/div><\/div><\/div><\/div><\/div><\/div><\/div><\/div><div   data-q_id=\"#about\"    class=\"vc_row wpb_row section vc_row-fluid  grid_section\" style=' padding-top:10px; padding-bottom:10px; text-align:left;'><div class=\" section_inner clearfix\"><div class='section_inner_margin clearfix'><div class=\"wpb_column vc_column_container vc_col-sm-12\"><div class=\"vc_column-inner\"><div class=\"wpb_wrapper\"><div      class=\"vc_row wpb_row section vc_row-fluid vc_inner \" style=' padding-bottom:10px; text-align:left;'><div class=\" full_section_inner clearfix\"><div class=\"wpb_column vc_column_container vc_col-sm-4 vc_col-has-fill\"><div class=\"vc_column-inner vc_custom_1732696578166\"><div class=\"wpb_wrapper\"><div class=\"separator  transparent   \" style=\"margin-top: 25px;margin-bottom: 0px;\"><\/div>\n\n\t<div class=\"wpb_text_column wpb_content_element \">\n\t\t<div class=\"wpb_wrapper\">\n\t\t\t<h3><span style=\"color: #ffffff;\">Services<\/span><\/h3>\n\n\t\t<\/div> \n\t<\/div> <div class=\"separator  transparent   \" style=\"margin-top: 30px;margin-bottom: 10px;\"><\/div>\n\n\t<div class=\"wpb_text_column wpb_content_element \">\n\t\t<div class=\"wpb_wrapper\">\n\t\t\t<ul>\n<li style=\"list-style-type: none;\">\n<ul>\n<li><span style=\"color: #ffffff;\">Consultation g\u00e9n\u00e9rale \/ maladies aigues<\/span><\/li>\n<\/ul>\n<\/li>\n<\/ul>\n<div class=\"separator  transparent   \" style=\"margin-top: 3px;margin-bottom: 0px;\"><\/div>\n\n<ul>\n<li style=\"list-style-type: none;\">\n<ul>\n<li><span style=\"color: #ffffff;\">Suivi et d\u00e9pistage maladies chroniques<\/span><\/li>\n<\/ul>\n<\/li>\n<\/ul>\n<div class=\"separator  transparent   \" style=\"margin-top: 3px;margin-bottom: 0px;\"><\/div>\n\n<ul>\n<li style=\"list-style-type: none;\">\n<ul>\n<li><span style=\"color: #ffffff;\">Consultation p\u00e9diatrique (&gt;2 ans)<\/span><\/li>\n<\/ul>\n<\/li>\n<\/ul>\n<div class=\"separator  transparent   \" style=\"margin-top: 3px;margin-bottom: 0px;\"><\/div>\n\n<ul>\n<li style=\"list-style-type: none;\">\n<ul>\n<li><span style=\"color: #ffffff;\">Renouvellement de prescriptions<\/span><\/li>\n<\/ul>\n<\/li>\n<\/ul>\n<div class=\"separator  transparent   \" style=\"margin-top: 3px;margin-bottom: 0px;\"><\/div>\n\n<ul>\n<li style=\"list-style-type: none;\">\n<ul>\n<li><span style=\"color: #ffffff;\">Examen avant le voyage et vaccination<\/span><\/li>\n<\/ul>\n<\/li>\n<\/ul>\n<div class=\"separator  transparent   \" style=\"margin-top: 3px;margin-bottom: 0px;\"><\/div>\n\n<ul>\n<li style=\"list-style-type: none;\">\n<ul>\n<li><span style=\"color: #ffffff;\">Permis de conduire<\/span><\/li>\n<\/ul>\n<\/li>\n<\/ul>\n<div class=\"separator  transparent   \" style=\"margin-top: 3px;margin-bottom: 0px;\"><\/div>\n\n<ul>\n<li style=\"list-style-type: none;\">\n<ul>\n<li><span style=\"color: #ffffff;\">Changement de pansement<\/span><\/li>\n<\/ul>\n<\/li>\n<\/ul>\n<div class=\"separator  transparent   \" style=\"margin-top: 3px;margin-bottom: 0px;\"><\/div>\n\n<ul>\n<li style=\"list-style-type: none;\">\n<ul>\n<li><span style=\"color: #ffffff;\">\u00c9lectrocardiogramme<\/span><\/li>\n<\/ul>\n<\/li>\n<\/ul>\n<div class=\"separator  transparent   \" style=\"margin-top: 3px;margin-bottom: 0px;\"><\/div>\n\n<ul>\n<li style=\"list-style-type: none;\">\n<ul>\n<li><span style=\"color: #ffffff;\">Holter-Tensiom\u00e8tre<\/span><\/li>\n<\/ul>\n<\/li>\n<\/ul>\n<div class=\"separator  transparent   \" style=\"margin-top: 3px;margin-bottom: 0px;\"><\/div>\n\n<ul>\n<li style=\"list-style-type: none;\">\n<ul>\n<li><span style=\"color: #ffffff;\">Oxym\u00e9trie nocturne<\/span><\/li>\n<\/ul>\n<\/li>\n<\/ul>\n<div class=\"separator  transparent   \" style=\"margin-top: 3px;margin-bottom: 0px;\"><\/div>\n\n<ul>\n<li style=\"list-style-type: none;\">\n<ul>\n<li><span style=\"color: #ffffff;\">Certificat m\u00e9dical d\u2019assurance<\/span><\/li>\n<\/ul>\n<\/li>\n<\/ul>\n<div class=\"separator  transparent   \" style=\"margin-top: 3px;margin-bottom: 0px;\"><\/div>\n\n<ul>\n<li><span style=\"color: #ffffff;\">Certificat de sport et d\u2019aptitude<\/span><\/li>\n<\/ul>\n\n\t\t<\/div> \n\t<\/div> <div class=\"separator  transparent   \" style=\"margin-top: 132px;margin-bottom: 0px;\"><\/div>\n\n\t<div class=\"wpb_text_column wpb_content_element \">\n\t\t<div class=\"wpb_wrapper\">\n\t\t\t\n\t\t<\/div> \n\t<\/div> <div class=\"separator  transparent   \" style=\"margin-top: 50px;margin-bottom: 42px;\"><\/div>\n<\/div><\/div><\/div><div class=\"wpb_column vc_column_container vc_col-sm-4 vc_col-has-fill\"><div class=\"vc_column-inner vc_custom_1732696602890\"><div class=\"wpb_wrapper\"><div class=\"separator  transparent   \" style=\"margin-top: 25px;margin-bottom: 0px;\"><\/div>\n\n\t<div class=\"wpb_text_column wpb_content_element \">\n\t\t<div class=\"wpb_wrapper\">\n\t\t\t<h3><span style=\"color: #ffffff;\">Informations pratiques<\/span><\/h3>\n\n\t\t<\/div> \n\t<\/div> <div class=\"separator  transparent   \" style=\"margin-top: 30px;margin-bottom: 0px;\"><\/div>\n<span data-type=\"normal\"  class=\"qode_icon_shortcode q_font_awsome_icon fa-lg pull-left \" style=\"margin: 10; \"><i class=\"qode_icon_font_awesome fa fa-bus qode_icon_element\" style=\"color: #FFFFFF;\" ><\/i><\/span>\n\t<div class=\"wpb_text_column wpb_content_element \">\n\t\t<div class=\"wpb_wrapper\">\n\t\t\t<p><span style=\"color: #795192;\"><span style=\"color: #ffffff;\">\u00a0Arr\u00eats de bus les plus proches :<\/span> <\/span><\/p>\n<ul>\n<li><span style=\"color: #795192;\"><span style=\"color: #595e26;\"><a style=\"color: #595e26;\" href=\"https:\/\/goo.gl\/maps\/ktD1ozowh9N8zT4G9\"><span style=\"text-decoration: underline;\"><span style=\"color: #ffffff; text-decoration: underline;\">Weimershof, <\/span><\/span><\/a><\/span><\/span><span style=\"color: #795192;\"><span style=\"color: #595e26;\"><a style=\"color: #595e26;\" href=\"https:\/\/goo.gl\/maps\/ktD1ozowh9N8zT4G9\"><span style=\"text-decoration: underline;\"><span style=\"color: #ffffff; text-decoration: underline;\">Joseph Hackin<\/span><\/span><\/a>\u00a0<\/span><\/span><\/li>\n<li><span style=\"color: #795192;\">\u00a0<span style=\"text-decoration: underline;\"><span style=\"color: #ffffff;\"><a style=\"color: #ffffff; text-decoration: underline;\" href=\"https:\/\/goo.gl\/maps\/HBsMQRJv1rV4yuiB7\">Kirchberg, Rehazenter<\/a><\/span><\/span><\/span><\/li>\n<\/ul>\n\n\t\t<\/div> \n\t<\/div> <div class=\"separator  transparent   \" style=\"margin-top: 30px;margin-bottom: 0px;\"><\/div>\n<span data-type=\"normal\"  class=\"qode_icon_shortcode q_font_awsome_icon fa-lg pull-left \" style=\"margin: 10; \"><i class=\"qode_icon_font_awesome fa fa-bus qode_icon_element\" style=\"color: #FFFFFF;\" ><\/i><\/span>\n\t<div class=\"wpb_text_column wpb_content_element \">\n\t\t<div class=\"wpb_wrapper\">\n\t\t\t<p><span style=\"color: #795192;\"><span style=\"color: #ffffff;\">\u00a0Arr\u00eat de tram :<\/span> <\/span><\/p>\n<ul>\n<li><span style=\"color: #795192;\"><span style=\"text-decoration: underline;\"><span style=\"color: #ffffff;\"><a style=\"color: #ffffff; text-decoration: underline;\" href=\"https:\/\/goo.gl\/maps\/3DNHBjauLBm11cTy5\">Alphonse Weicker<\/a><\/span><\/span><\/span><\/li>\n<\/ul>\n<div class=\"separator  transparent   \" style=\"margin-top: 10px;margin-bottom: 10px;\"><\/div>\n<span data-type=\"normal\"  class=\"qode_icon_shortcode q_font_awsome_icon fa-lg pull-left \" style=\"margin: 10; \"><i class=\"qode_icon_font_awesome fa fa-car qode_icon_element\" style=\"color: #FFFFFF;\" ><\/i><\/span>\n\t<div class=\"wpb_text_column wpb_content_element \">\n\t\t<div class=\"wpb_wrapper\">\n\t\t\t\n\t\t<\/div> \n\t<\/div>\n<p class=\"p1\"><span style=\"color: #ffffff;\">\u00a0 Places de parking:<\/span><\/p>\n<ul>\n<li><span style=\"color: #ffffff;\">dans les rues adjacentes autour du centre m\u00e9dical<\/span><\/li>\n<li><span style=\"color: #ffffff;\">dans les parkings souterrains du Rehazenter, de l\u2019H\u00f4pital Kirchberg ou du centre commercial<\/span><br \/>\n\n\t\t<\/div> \n\t<\/div> <div class=\"separator  transparent   \" style=\"margin-top: 10px;margin-bottom: 10px;\"><\/div>\n<span data-type=\"normal\"  class=\"qode_icon_shortcode q_font_awsome_icon fa-lg pull-left \" style=\"margin: 10; \"><i class=\"qode_icon_font_awesome fa fa-wheelchair qode_icon_element\" style=\"color: #FFFFFF;\" ><\/i><\/span>\n\t<div class=\"wpb_text_column wpb_content_element \">\n\t\t<div class=\"wpb_wrapper\">\n\t\t\t<p class=\"p1\"><span style=\"color: #795192;\">\u00a0<span style=\"color: #ffffff;\">L\u2019entr\u00e9e du Centre M\u00e9dical Kirchberg est situ\u00e9e au rez de chauss\u00e9e avec acc\u00e8s aux personnes \u00e0 mobilit\u00e9 r\u00e9duite<\/span><\/span><\/p>\n\n\t\t<\/div> \n\t<\/div> <div class=\"separator  transparent   \" style=\"margin-top: 120px;margin-bottom: 0px;\"><\/div>\n<\/div><\/div><\/div><div class=\"wpb_column vc_column_container vc_col-sm-4 vc_col-has-fill\"><div class=\"vc_column-inner vc_custom_1732696625636\"><div class=\"wpb_wrapper\"><div class=\"separator  transparent   \" style=\"margin-top: 25px;margin-bottom: 0px;\"><\/div>\n\n\t<div class=\"wpb_text_column wpb_content_element \">\n\t\t<div class=\"wpb_wrapper\">\n\t\t\t<h3><span style=\"color: #ffffff;\">En Cas d\u2019urgences<\/span><\/h3>\n\n\t\t<\/div> \n\t<\/div> <div class=\"separator  transparent   \" style=\"margin-top: 30px;margin-bottom: 0px;\"><\/div>\n\n\t<div class=\"wpb_text_column wpb_content_element \">\n\t\t<div class=\"wpb_wrapper\">\n\t\t\t<h2><span style=\"color: #ffffff;\">112<\/span><\/h2>\n\n\t\t<\/div> \n\t<\/div> <div class=\"separator  transparent   \" style=\"margin-top: 50px;margin-bottom: 0px;\"><\/div>\n\n\t<div class=\"wpb_text_column wpb_content_element \">\n\t\t<div class=\"wpb_wrapper\">\n\t\t\t<p><span style=\"text-decoration: underline;\"><span style=\"color: #ffffff; text-decoration: underline;\"><a style=\"color: #ffffff; text-decoration: underline;\" href=\"https:\/\/sante.public.lu\/fr\/urgences-gardes\/services-garde\/maisons-medicales.html\">Maisons m\u00e9dicales<\/a><\/span><\/span><\/p>\n<p><span style=\"text-decoration: underline;\"><span style=\"color: #ffffff; text-decoration: underline;\"><a style=\"color: #ffffff; text-decoration: underline;\" href=\"https:\/\/sante.public.lu\/fr\/urgences-gardes.html\">Urgences et gardes<\/a><\/span><\/span><\/p>\n<p><span style=\"text-decoration: underline;\"><span style=\"color: #ffffff; text-decoration: underline;\"><a class=\"cws_button \" style=\"color: #ffffff; text-decoration: underline;\" href=\"https:\/\/www.pharmacie.lu\/pharmacies\/garde\" target=\"_blank\" rel=\"noopener noreferrer\">Pharmacies de garde<\/a><\/span><\/span><\/p>\n\n\t\t<\/div> \n\t<\/div> <div class=\"separator  transparent   \" style=\"margin-top: 46px;margin-bottom: 0px;\"><\/div>\n\n\t<div class=\"wpb_text_column wpb_content_element \">\n\t\t<div class=\"wpb_wrapper\">\n\t\t\t<div class=\"push\"><\/div>\n<p><span style=\"color: #ffffff;\">Laboratoire Ketterthill<\/span><br \/>\n<span style=\"color: #ffffff;\">15 rue Edward Steichen<\/span><br \/>\n<span style=\"color: #ffffff;\">L-2540 Luxembourg<\/span><br \/>\n<div class=\"separator  transparent   \" style=\"margin-top: 3px;margin-bottom: 0px;\"><\/div>\n<br \/>\n<span style=\"color: #ffffff;\">Laboratoires R\u00e9unis<\/span><br \/>\n<span style=\"color: #ffffff;\">9 rue Edward Steichen<\/span><br \/>\n<span style=\"color: #ffffff;\">L-2540 Luxembourg<\/span><br \/>\n<div class=\"separator  transparent   \" style=\"margin-top: 3px;margin-bottom: 0px;\"><\/div>\n<br \/>\n<span style=\"color: #ffffff;\">Laboratoire BIONEXT<\/span><br \/>\n<span style=\"color: #ffffff;\">3 rue Lucien Thiel<\/span><br \/>\n<span style=\"color: #ffffff;\">L-2607 Luxembourg<\/span><\/p>\n\n\t\t<\/div> \n\t<\/div> <div class=\"separator  transparent   \" style=\"margin-top: 54px;margin-bottom: 0px;\"><\/div>\n<\/div><\/div><\/div><\/div><\/div><\/div><\/div><\/div><\/div><\/div><\/div><div   data-q_id=\"#team\"    class=\"vc_row wpb_row section vc_row-fluid  grid_section\" style=' padding-top:60px; padding-bottom:20px; text-align:left;'><div class=\" section_inner clearfix\"><div class='section_inner_margin clearfix'><div class=\"wpb_column vc_column_container vc_col-sm-12\"><div class=\"vc_column-inner\"><div class=\"wpb_wrapper\">\n\t<div class=\"wpb_text_column wpb_content_element \">\n\t\t<div class=\"wpb_wrapper\">\n\t\t\t<h2 style=\"text-align: center;\">M\u00e9decins G\u00e9n\u00e9ralistes<\/h2>\n\n\t\t<\/div> \n\t<\/div> <span class=\"separator_with_icon\" style=\"color:#dedede;opacity:0.9\"><i class=\"fa \"><\/i><\/span><\/div><\/div><\/div><\/div><\/div><\/div><div   data-q_id=\"#about\"    class=\"vc_row wpb_row section vc_row-fluid  vc_custom_1731590486050 grid_section\" style=' padding-top:10px; padding-bottom:10px; text-align:left;'><div class=\" section_inner clearfix\"><div class='section_inner_margin clearfix'><div class=\"wpb_column vc_column_container vc_col-sm-12\"><div class=\"vc_column-inner\"><div class=\"wpb_wrapper\"><div      class=\"vc_row wpb_row section vc_row-fluid vc_inner \" style=' padding-top:10px; text-align:left;'><div class=\" full_section_inner clearfix\"><div class=\"wpb_column vc_column_container vc_col-sm-4\"><div class=\"vc_column-inner\"><div class=\"wpb_wrapper\">\n\t<div class=\"wpb_single_image wpb_content_element vc_align_left\">\n\t\t<div class=\"wpb_wrapper\">\n\t\t\t\n\t\t\t<div class=\"vc_single_image-wrapper   vc_box_border_grey\"><img loading=\"lazy\" decoding=\"async\" width=\"2150\" height=\"2560\" src=\"https:\/\/cmk.lu\/wp-content\/uploads\/2024\/11\/dr-elvinger-scaled.jpg\" class=\"vc_single_image-img attachment-full\" alt=\"\" title=\"dr-elvinger\" srcset=\"https:\/\/cmk.lu\/wp-content\/uploads\/2024\/11\/dr-elvinger-scaled.jpg 2150w, https:\/\/cmk.lu\/wp-content\/uploads\/2024\/11\/dr-elvinger-252x300.jpg 252w, https:\/\/cmk.lu\/wp-content\/uploads\/2024\/11\/dr-elvinger-860x1024.jpg 860w, https:\/\/cmk.lu\/wp-content\/uploads\/2024\/11\/dr-elvinger-768x915.jpg 768w, https:\/\/cmk.lu\/wp-content\/uploads\/2024\/11\/dr-elvinger-1290x1536.jpg 1290w, https:\/\/cmk.lu\/wp-content\/uploads\/2024\/11\/dr-elvinger-1720x2048.jpg 1720w, https:\/\/cmk.lu\/wp-content\/uploads\/2024\/11\/dr-elvinger-700x834.jpg 700w\" sizes=\"(max-width: 2150px) 100vw, 2150px\" \/><\/div>\n\t\t<\/div>\n\t<\/div>\n<div class=\"separator  transparent   \" style=\"margin-top: 30px;margin-bottom: 0px;\"><\/div>\n\n\t<div class=\"wpb_text_column wpb_content_element \">\n\t\t<div class=\"wpb_wrapper\">\n\t\t\t<h3>Dr Anouk Elvinger<\/h3>\n\n\t\t<\/div> \n\t<\/div> <div class=\"custom_font_holder \" style=\"font-family: Vollkorn; font-style: normal; font-weight: 400; color: #959F3F; text-decoration: none; letter-spacing: 2px; text-align: left; --qode-cf-font-size: 12px; --qode-cf-line-height: 26px; --qode-cf-font-size-1440: 12px; --qode-cf-line-height-1440: 26px; --qode-cf-font-size-1366: 12px; --qode-cf-line-height-1366: 26px; --qode-cf-font-size-1280: 12px; --qode-cf-line-height-1280: 26px; --qode-cf-font-size-1024: 12px; --qode-cf-line-height-1024: 26px; --qode-cf-font-size-768: 12px; --qode-cf-line-height-768: 26px; --qode-cf-font-size-680: 12px; --qode-cf-line-height-680: 26px; --qode-cf-font-size-480: 12px; --qode-cf-line-height-480: 26px;\"><strong>MEDECIN G\u00c9N\u00c9RALISTE<\/strong><\/div><div class=\"separator  transparent   \" style=\"margin-top: 16px;margin-bottom: 0px;\"><\/div>\n\n\t<div class=\"wpb_text_column wpb_content_element \">\n\t\t<div class=\"wpb_wrapper\">\n\t\t\t<p class=\"p1\">Etudes secondaires au Lyc\u00e9e des gar\u00e7ons du Luxembourg<\/p>\n<p class=\"p1\">Etudes universitaires \u00e0 Medizinische Universit\u00e4t Wien<\/p>\n<p class=\"p1\">Sp\u00e9cialisation en m\u00e9decine g\u00e9n\u00e9rale \u00e0 l\u2019universit\u00e9 du Luxembourg<\/p>\n<p class=\"p1\">Langues: Luxembourgeois, Fran\u00e7ais, Allemand, Anglais<\/p>\n\n\t\t<\/div> \n\t<\/div> <div class=\"separator  transparent   \" style=\"margin-top: 25px;margin-bottom: 0px;\"><\/div>\n<a  itemprop=\"url\" href=\"https:\/\/en.doctena.lu\/doctor\/Dr_Anouk_Elvinger_Centre_Medical_Kirchberg-345\/Centre_Medical_Kirchberg-275\" target=\"_self\"  class=\"qbutton  default\" style=\"\">Rendez-vous en ligne<\/a><div class=\"separator  transparent   \" style=\"margin-top: 16px;margin-bottom: 0px;\"><\/div>\n\n\t<div class=\"wpb_text_column wpb_content_element \">\n\t\t<div class=\"wpb_wrapper\">\n\t\t\t<p><strong>Tel: 26 10 66\u00a0<\/strong><\/p>\n\n\t\t<\/div> \n\t<\/div> <\/div><\/div><\/div><div class=\"wpb_column vc_column_container vc_col-sm-4\"><div class=\"vc_column-inner\"><div class=\"wpb_wrapper\">\n\t<div class=\"wpb_single_image wpb_content_element vc_align_left\">\n\t\t<div class=\"wpb_wrapper\">\n\t\t\t\n\t\t\t<div class=\"vc_single_image-wrapper   vc_box_border_grey\"><img loading=\"lazy\" decoding=\"async\" width=\"2150\" height=\"2560\" src=\"https:\/\/cmk.lu\/wp-content\/uploads\/2024\/11\/Dr-Saberin-scaled.jpg\" class=\"vc_single_image-img attachment-full\" alt=\"\" title=\"Dr-Saberin\" srcset=\"https:\/\/cmk.lu\/wp-content\/uploads\/2024\/11\/Dr-Saberin-scaled.jpg 2150w, https:\/\/cmk.lu\/wp-content\/uploads\/2024\/11\/Dr-Saberin-252x300.jpg 252w, https:\/\/cmk.lu\/wp-content\/uploads\/2024\/11\/Dr-Saberin-860x1024.jpg 860w, https:\/\/cmk.lu\/wp-content\/uploads\/2024\/11\/Dr-Saberin-768x915.jpg 768w, https:\/\/cmk.lu\/wp-content\/uploads\/2024\/11\/Dr-Saberin-1290x1536.jpg 1290w, https:\/\/cmk.lu\/wp-content\/uploads\/2024\/11\/Dr-Saberin-1720x2048.jpg 1720w, https:\/\/cmk.lu\/wp-content\/uploads\/2024\/11\/Dr-Saberin-700x834.jpg 700w\" sizes=\"(max-width: 2150px) 100vw, 2150px\" \/><\/div>\n\t\t<\/div>\n\t<\/div>\n<div class=\"separator  transparent   \" style=\"margin-top: 30px;margin-bottom: 0px;\"><\/div>\n\n\t<div class=\"wpb_text_column wpb_content_element \">\n\t\t<div class=\"wpb_wrapper\">\n\t\t\t<h3>Dr Leily Saberin<\/h3>\n\n\t\t<\/div> \n\t<\/div> <div class=\"custom_font_holder \" style=\"font-family: Vollkorn; font-style: normal; font-weight: 400; color: #959F3F; text-decoration: none; letter-spacing: 2px; text-align: left; --qode-cf-font-size: 12px; --qode-cf-line-height: 26px; --qode-cf-font-size-1440: 12px; --qode-cf-line-height-1440: 26px; --qode-cf-font-size-1366: 12px; --qode-cf-line-height-1366: 26px; --qode-cf-font-size-1280: 12px; --qode-cf-line-height-1280: 26px; --qode-cf-font-size-1024: 12px; --qode-cf-line-height-1024: 26px; --qode-cf-font-size-768: 12px; --qode-cf-line-height-768: 26px; --qode-cf-font-size-680: 12px; --qode-cf-line-height-680: 26px; --qode-cf-font-size-480: 12px; --qode-cf-line-height-480: 26px;\"><strong>MEDECIN G\u00c9N\u00c9RALISTE<\/strong><\/div><div class=\"separator  transparent   \" style=\"margin-top: 14px;margin-bottom: 0px;\"><\/div>\n\n\t<div class=\"wpb_text_column wpb_content_element \">\n\t\t<div class=\"wpb_wrapper\">\n\t\t\t<p class=\"p1\">Etudes secondaires au Lyc\u00e9e des gar\u00e7ons du Luxembourg puis<\/p>\n<p class=\"p1\">\u00e0 l\u2019Ath\u00e9n\u00e9e de Luxembourg<\/p>\n<p class=\"p1\">Etudes universitaires \u00e0 Medizinische Universit\u00e4t Innsbruck<\/p>\n<p class=\"p1\">Sp\u00e9cialisation en m\u00e9decine g\u00e9n\u00e9rale \u00e0 l\u2019universit\u00e9 du Luxembourg<\/p>\n<p class=\"p1\">Langues: Luxembourgeois, Fran\u00e7ais, Allemand, Anglais<\/p>\n<div>M\u00e9decin-conseil de l\u2019ambassade d\u2019Autriche au Luxembourg<\/div>\n\n\t\t<\/div> \n\t<\/div> <div class=\"separator  transparent   \" style=\"margin-top: 25px;margin-bottom: 0px;\"><\/div>\n<a  itemprop=\"url\" href=\"https:\/\/en.doctena.lu\/doctor\/Dr_Leily_Saberin_Centre_Medical_Kirchberg-163\/Centre_Medical_Kirchberg-275\" target=\"_self\"  class=\"qbutton  default\" style=\"\">Rendez-vous en ligne<\/a><div class=\"separator  transparent   \" style=\"margin-top: 16px;margin-bottom: 0px;\"><\/div>\n\n\t<div class=\"wpb_text_column wpb_content_element \">\n\t\t<div class=\"wpb_wrapper\">\n\t\t\t<p><strong>Tel: 26 10 66\u00a0<\/strong><\/p>\n\n\t\t<\/div> \n\t<\/div> <\/div><\/div><\/div><div class=\"wpb_column vc_column_container vc_col-sm-4\"><div class=\"vc_column-inner\"><div class=\"wpb_wrapper\">\n\t<div class=\"wpb_single_image wpb_content_element vc_align_left\">\n\t\t<div class=\"wpb_wrapper\">\n\t\t\t\n\t\t\t<div class=\"vc_single_image-wrapper   vc_box_border_grey\"><img loading=\"lazy\" decoding=\"async\" width=\"2150\" height=\"2560\" src=\"https:\/\/cmk.lu\/wp-content\/uploads\/2024\/11\/benburton-scaled.jpg\" class=\"vc_single_image-img attachment-full\" alt=\"\" title=\"benburton\" srcset=\"https:\/\/cmk.lu\/wp-content\/uploads\/2024\/11\/benburton-scaled.jpg 2150w, https:\/\/cmk.lu\/wp-content\/uploads\/2024\/11\/benburton-252x300.jpg 252w, https:\/\/cmk.lu\/wp-content\/uploads\/2024\/11\/benburton-860x1024.jpg 860w, https:\/\/cmk.lu\/wp-content\/uploads\/2024\/11\/benburton-768x915.jpg 768w, https:\/\/cmk.lu\/wp-content\/uploads\/2024\/11\/benburton-1290x1536.jpg 1290w, https:\/\/cmk.lu\/wp-content\/uploads\/2024\/11\/benburton-1720x2048.jpg 1720w, https:\/\/cmk.lu\/wp-content\/uploads\/2024\/11\/benburton-700x834.jpg 700w\" sizes=\"(max-width: 2150px) 100vw, 2150px\" \/><\/div>\n\t\t<\/div>\n\t<\/div>\n<div class=\"separator  transparent   \" style=\"margin-top: 30px;margin-bottom: 0px;\"><\/div>\n\n\t<div class=\"wpb_text_column wpb_content_element \">\n\t\t<div class=\"wpb_wrapper\">\n\t\t\t<h3>Dr Ben Burton<\/h3>\n\n\t\t<\/div> \n\t<\/div> <div class=\"custom_font_holder \" style=\"font-family: Vollkorn; font-style: normal; font-weight: 400; color: #959F3F; text-decoration: none; letter-spacing: 2px; text-align: left; --qode-cf-font-size: 12px; --qode-cf-line-height: 26px; --qode-cf-font-size-1440: 12px; --qode-cf-line-height-1440: 26px; --qode-cf-font-size-1366: 12px; --qode-cf-line-height-1366: 26px; --qode-cf-font-size-1280: 12px; --qode-cf-line-height-1280: 26px; --qode-cf-font-size-1024: 12px; --qode-cf-line-height-1024: 26px; --qode-cf-font-size-768: 12px; --qode-cf-line-height-768: 26px; --qode-cf-font-size-680: 12px; --qode-cf-line-height-680: 26px; --qode-cf-font-size-480: 12px; --qode-cf-line-height-480: 26px;\"><strong>MEDECIN G\u00c9N\u00c9RALISTE<\/strong><\/div><div class=\"separator  transparent   \" style=\"margin-top: 16px;margin-bottom: 0px;\"><\/div>\n\n\t<div class=\"wpb_text_column wpb_content_element \">\n\t\t<div class=\"wpb_wrapper\">\n\t\t\t<p class=\"p1\">Etudes secondaires au Lyc\u00e9e Classique d\u2019Echternach<\/p>\n<p class=\"p1\">Etudes universitaires en m\u00e9decine \u00e0 Strasbourg<\/p>\n<p class=\"p1\">Sp\u00e9cialisation en m\u00e9decine g\u00e9n\u00e9rale \u00e0 l\u2019universit\u00e9 du Luxembourg<\/p>\n<p class=\"p1\">Langues: Luxembourgeois, Fran\u00e7ais, Allemand, Anglais<\/p>\n\n\t\t<\/div> \n\t<\/div> <div class=\"separator  transparent   \" style=\"margin-top: 25px;margin-bottom: 0px;\"><\/div>\n<a  itemprop=\"url\" href=\"https:\/\/en.doctena.lu\/doctor\/Dr_Ben_Burton_Centre_Medical_Kirchberg-5386\/Centre_Medical_Kirchberg-275\" target=\"_self\"  class=\"qbutton  default\" style=\"\">Rendez-vous en ligne<\/a><div class=\"separator  transparent   \" style=\"margin-top: 16px;margin-bottom: 0px;\"><\/div>\n\n\t<div class=\"wpb_text_column wpb_content_element \">\n\t\t<div class=\"wpb_wrapper\">\n\t\t\t<p><strong>Tel: 26 10 66\u00a0<\/strong><\/p>\n\n\t\t<\/div> \n\t<\/div> <\/div><\/div><\/div><\/div><\/div><\/div><\/div><\/div><\/div><\/div><\/div><div   data-q_id=\"#team\"    class=\"vc_row wpb_row section vc_row-fluid  grid_section\" style=' padding-top:60px; padding-bottom:20px; text-align:left;'><div class=\" section_inner clearfix\"><div class='section_inner_margin clearfix'><div class=\"wpb_column vc_column_container vc_col-sm-12\"><div class=\"vc_column-inner\"><div class=\"wpb_wrapper\">\n\t<div class=\"wpb_text_column wpb_content_element \">\n\t\t<div class=\"wpb_wrapper\">\n\t\t\t<h2 style=\"text-align: center;\">Psychologue<\/h2>\n\n\t\t<\/div> \n\t<\/div> <span class=\"separator_with_icon\" style=\"color:#dedede;opacity:0.9\"><i class=\"fa \"><\/i><\/span><\/div><\/div><\/div><\/div><\/div><\/div><div   data-q_id=\"#about\"    class=\"vc_row wpb_row section vc_row-fluid  vc_custom_1731590486050 grid_section\" style=' padding-top:10px; padding-bottom:10px; text-align:left;'><div class=\" section_inner clearfix\"><div class='section_inner_margin clearfix'><div class=\"wpb_column vc_column_container vc_col-sm-12\"><div class=\"vc_column-inner\"><div class=\"wpb_wrapper\"><div      class=\"vc_row wpb_row section vc_row-fluid vc_inner \" style=' padding-top:10px; text-align:left;'><div class=\" full_section_inner clearfix\"><div class=\"wpb_column vc_column_container vc_col-sm-4\"><div class=\"vc_column-inner\"><div class=\"wpb_wrapper\">\n\t<div class=\"wpb_single_image wpb_content_element vc_align_left\">\n\t\t<div class=\"wpb_wrapper\">\n\t\t\t\n\t\t\t<div class=\"vc_single_image-wrapper   vc_box_border_grey\"><img loading=\"lazy\" decoding=\"async\" width=\"1706\" height=\"2250\" src=\"https:\/\/cmk.lu\/wp-content\/uploads\/2024\/11\/marisol-scaled-e1732696872899.jpg\" class=\"vc_single_image-img attachment-full\" alt=\"\" title=\"marisol\" srcset=\"https:\/\/cmk.lu\/wp-content\/uploads\/2024\/11\/marisol-scaled-e1732696872899.jpg 1706w, https:\/\/cmk.lu\/wp-content\/uploads\/2024\/11\/marisol-scaled-e1732696872899-227x300.jpg 227w, https:\/\/cmk.lu\/wp-content\/uploads\/2024\/11\/marisol-scaled-e1732696872899-776x1024.jpg 776w, https:\/\/cmk.lu\/wp-content\/uploads\/2024\/11\/marisol-scaled-e1732696872899-768x1013.jpg 768w, https:\/\/cmk.lu\/wp-content\/uploads\/2024\/11\/marisol-scaled-e1732696872899-1165x1536.jpg 1165w, https:\/\/cmk.lu\/wp-content\/uploads\/2024\/11\/marisol-scaled-e1732696872899-1553x2048.jpg 1553w, https:\/\/cmk.lu\/wp-content\/uploads\/2024\/11\/marisol-scaled-e1732696872899-700x923.jpg 700w\" sizes=\"(max-width: 1706px) 100vw, 1706px\" \/><\/div>\n\t\t<\/div>\n\t<\/div>\n<div class=\"separator  transparent   \" style=\"margin-top: 30px;margin-bottom: 0px;\"><\/div>\n\n\t<div class=\"wpb_text_column wpb_content_element \">\n\t\t<div class=\"wpb_wrapper\">\n\t\t\t<h3>Marisol Santiago Bashiri<\/h3>\n\n\t\t<\/div> \n\t<\/div> <div class=\"custom_font_holder \" style=\"font-family: Vollkorn; font-style: normal; font-weight: 400; color: #959F3F; text-decoration: none; letter-spacing: 2px; text-align: left; --qode-cf-font-size: 12px; --qode-cf-line-height: 26px; --qode-cf-font-size-1440: 12px; --qode-cf-line-height-1440: 26px; --qode-cf-font-size-1366: 12px; --qode-cf-line-height-1366: 26px; --qode-cf-font-size-1280: 12px; --qode-cf-line-height-1280: 26px; --qode-cf-font-size-1024: 12px; --qode-cf-line-height-1024: 26px; --qode-cf-font-size-768: 12px; --qode-cf-line-height-768: 26px; --qode-cf-font-size-680: 12px; --qode-cf-line-height-680: 26px; --qode-cf-font-size-480: 12px; --qode-cf-line-height-480: 26px;\"><strong>PSYCHOLOGUE DIPL.\/PSYCHOTH\u00c9RAPEUTE<\/strong><\/div><div class=\"separator  transparent   \" style=\"margin-top: 16px;margin-bottom: 0px;\"><\/div>\n<a  itemprop=\"url\" href=\"https:\/\/fr.doctena.lu\/doctor\/Marisol_Santiago_Bashiri-675970#13857\" target=\"_self\"  class=\"qbutton  default\" style=\"\">Rendez-vous en ligne<\/a><div class=\"separator  transparent   \" style=\"margin-top: 16px;margin-bottom: 0px;\"><\/div>\n<\/div><\/div><\/div><div class=\"wpb_column vc_column_container vc_col-sm-8\"><div class=\"vc_column-inner\"><div class=\"wpb_wrapper\">\n\t<div class=\"wpb_text_column wpb_content_element \">\n\t\t<div class=\"wpb_wrapper\">\n\t\t\t<p>Psychologue Dipl\u00f4m\u00e9e et Form\u00e9e en Psychologie en 2007, Master de specialization en \u00e9valuation et intervention psychologiques \u2013 Psychoth\u00e9rapie \u2013 A travers l\u2019\u00e9coute active je m\u2019engage \u00e0 \u00e9laborer un plan psychoth\u00e9rapeutique adapt\u00e9 \u00e0 la demande et probl\u00e9matique du patient; l\u2019accompagner dans son processus d\u2019\u00e9laboration des ressources internes afin qu\u2019il puisse remanier l\u2019ensemble de son \u00e9quilibre psychique et sa relation avec son entourage. Psychoth\u00e9rapie de soutien, Conseil et accompagnement psychologique enfants, adolescents, adulte, couple\/ couple PMA, guidance parentale et famille \u2013 D\u00e9veloppement personnels, m\u00e9thodes de restructuration personnelle \u2013 coaching, r\u00e9-orientation professionnelle\/carri\u00e8re.<\/p>\n<p>Mon travail s\u2019axe sur les techniques de la psychoth\u00e9rapie br\u00e8ve bas\u00e9e sur la th\u00e9orie psychanalyste (psychodynamique) et psychosomatique. Les m\u00e9thodes du processus psychoth\u00e9rapeutique sont des outils qui aident le patient \u00e0 avoir une connaissance plus approfondie de soi, de ses limites, de sa souffrance et de ses ressources internes pour faire face \u00e0 sa souffrance et se restruturer.<\/p>\n\n\t\t<\/div> \n\t<\/div> <div class=\"separator  transparent   \" style=\"margin-top: 25px;margin-bottom: 0px;\"><\/div>\n<\/div><\/div><\/div><\/div><\/div><\/div><\/div><\/div><\/div><\/div><\/div><div   data-q_id=\"#work\"    class=\"vc_row wpb_row section vc_row-fluid  vc_custom_1731591777549 grid_section\" style='background-color:#f2f1f1; padding-top:10px; padding-bottom:10px; text-align:left;'><div class=\" section_inner clearfix\"><div class='section_inner_margin clearfix'><div class=\"wpb_column vc_column_container vc_col-sm-12\"><div class=\"vc_column-inner\"><div class=\"wpb_wrapper\"><div class=\"separator  transparent   \" style=\"margin-top: 35px;margin-bottom: 35px;\"><\/div>\n<\/div><\/div><\/div><\/div><\/div><\/div><section   data-q_id=\"#contact\"    data-speed=\"1\" class=\"parallax_section_holder  \" style = \" height:px; background-image:url('https:\/\/cmk.lu\/wp-content\/uploads\/2024\/11\/cmk-background2.jpg');\"><div class=\"parallax_content left\"><div class='parallax_section_inner_margin clearfix'><div class=\"wpb_column vc_column_container vc_col-sm-12 vc_col-has-fill\"><div class=\"vc_column-inner vc_custom_1732697103719\"><div class=\"wpb_wrapper\"><div      class=\"vc_row wpb_row section vc_row-fluid vc_inner \" style=' padding-top:50px; padding-bottom:50px; text-align:left;'><div class=\" full_section_inner clearfix\"><div class=\"wpb_column vc_column_container vc_col-sm-6\"><div class=\"vc_column-inner\"><div class=\"wpb_wrapper\">\n\t<div class=\"wpb_text_column wpb_content_element \">\n\t\t<div class=\"wpb_wrapper\">\n\t\t\t<h2 style=\"text-align: center;\"><span style=\"color: #ffffff;\">Secr\u00e9tariat M\u00e9dical<\/span><\/h2>\n\n\t\t<\/div> \n\t<\/div> <span class=\"separator_with_icon\" style=\"color:#dedede;opacity:0.9\"><i class=\"fa \"><\/i><\/span>\n\t<div class=\"wpb_text_column wpb_content_element \">\n\t\t<div class=\"wpb_wrapper\">\n\t\t\t<p><span style=\"color: #ffffff;\">T:\u00a0<span style=\"color: #959f3f;\"><a style=\"color: #959f3f;\" href=\"tel:26 10 66\">26 10 66<\/a><\/span><\/span><br \/>\n<span style=\"color: #ffffff;\">F: 26 68 31 33<\/span><br \/>\n<span style=\"color: #ffffff;\">E:\u00a0<span style=\"color: #959f3f;\"><a style=\"color: #959f3f;\" href=\"mailto:info@cmk.lu\">info@cmk.lu\u00a0<\/a><\/span><\/span><br \/>\n<span style=\"color: #ffffff;\">A: 2 rue Joseph Leydenbach\u00a0L-1947 Kirchberg<\/span><\/p>\n\n\t\t<\/div> \n\t<\/div> <div class=\"separator  transparent   \" style=\"margin-top: 15px;margin-bottom: 15px;\"><\/div>\n<span data-type=\"normal\"  class=\"qode_icon_shortcode q_font_awsome_icon fa-lg pull-left \" style=\"margin: 10; \"><i class=\"qode_icon_font_awesome fa fa-bus qode_icon_element\" style=\"color: #FFFFFF;\" ><\/i><\/span>\n\t<div class=\"wpb_text_column wpb_content_element \">\n\t\t<div class=\"wpb_wrapper\">\n\t\t\t<p><span style=\"color: #333333;\">.<\/span> Arr\u00eats de bus les plus proches:<\/p>\n<ul>\n<li><a href=\"https:\/\/goo.gl\/maps\/ktD1ozowh9N8zT4G9\">Weimershof, Joseph Hackin<\/a><\/li>\n<li>\u00a0<a href=\"https:\/\/goo.gl\/maps\/HBsMQRJv1rV4yuiB7\">Kirchberg, Rehazenter<\/a><\/li>\n<\/ul>\n<p>Arr\u00eats de tram:<\/p>\n<ul>\n<li><a href=\"https:\/\/goo.gl\/maps\/3DNHBjauLBm11cTy5\">Kirchberg<\/a><\/li>\n<li><a href=\"https:\/\/goo.gl\/maps\/3DNHBjauLBm11cTy5\"> Alphonse Weicker<\/a><\/li>\n<\/ul>\n\n\t\t<\/div> \n\t<\/div> <div class=\"separator  transparent   \" style=\"margin-top: 5px;margin-bottom: 10px;\"><\/div>\n<span data-type=\"normal\"  class=\"qode_icon_shortcode q_font_awsome_icon fa-lg pull-left \" style=\"margin: 10; \"><i class=\"qode_icon_font_awesome fa fa-car qode_icon_element\" style=\"color: #FFFFFF;\" ><\/i><\/span>\n\t<div class=\"wpb_text_column wpb_content_element \">\n\t\t<div class=\"wpb_wrapper\">\n\t\t\t<p class=\"p1\">\u00a0Voiture:<\/p>\n<p class=\"p1\">Places de parking:<\/p>\n<ul>\n<li class=\"p1\">dans les rues adjacentes autour du centre m\u00e9dical<\/li>\n<li class=\"p1\">dans les parkings souterrains du Rehazenter, de l'H\u00f4pital Kirchberg ou du centre commercial<\/li>\n<\/ul>\n\n\t\t<\/div> \n\t<\/div> <div class=\"separator  transparent   \" style=\"margin-top: 10px;margin-bottom: 5px;\"><\/div>\n<span data-type=\"normal\"  class=\"qode_icon_shortcode q_font_awsome_icon fa-lg pull-left \" style=\"margin: 10; \"><i class=\"qode_icon_font_awesome fa fa-wheelchair qode_icon_element\" style=\"color: #FFFFFF;\" ><\/i><\/span>\n\t<div class=\"wpb_text_column wpb_content_element \">\n\t\t<div class=\"wpb_wrapper\">\n\t\t\t<p class=\"p1\">\u00a0L\u2019entr\u00e9e du Centre M\u00e9dical Kirchberg est situ\u00e9e au rez de chauss\u00e9e avec acc\u00e8s aux personnes \u00e0 mobilit\u00e9 r\u00e9duite.<\/p>\n\n\t\t<\/div> \n\t<\/div> <\/div><\/div><\/div><div class=\"wpb_column vc_column_container vc_col-sm-6\"><div class=\"vc_column-inner\"><div class=\"wpb_wrapper\">\n\t<div class=\"wpb_text_column wpb_content_element \">\n\t\t<div class=\"wpb_wrapper\">\n\t\t\t<h2 style=\"text-align: center;\"><span style=\"color: #ffffff;\">Adresse<\/span><\/h2>\n\n\t\t<\/div> \n\t<\/div> <span class=\"separator_with_icon\" style=\"color:#dedede;opacity:0.9\"><i class=\"fa \"><\/i><\/span><div class=\"wpb_gmaps_widget wpb_content_element\"><div class=\"wpb_wrapper\"><div class=\"wpb_map_wraper\"><iframe src=\"https:\/\/www.google.com\/maps\/embed?pb=!1m18!1m12!1m3!1d2584.324362124648!2d6.171245077030755!3d49.62934097144711!2m3!1f0!2f0!3f0!3m2!1i1024!2i768!4f13.1!3m3!1m2!1s0x47954f00116cfc29%3A0xd0bbd7cc6eb48f2c!2sCentre%20M%C3%A9dical%20Kirchberg!5e0!3m2!1sen!2slu!4v1731589724612!5m2!1sen!2slu\" width=\"600\" height=\"450\" style=\"border:0;\" allowfullscreen=\"\" loading=\"lazy\" referrerpolicy=\"no-referrer-when-downgrade\"><\/iframe><\/div><\/div><\/div><\/div><\/div><\/div><\/div><\/div><\/div><\/div><\/div><\/div><\/div><\/section><\/li>\n<\/ul>\t\t\t\t\t\t<\/div>\n\t\t\t\t<\/div>\n\t\t\t\t\t<\/div>\n\t\t\t\t<\/div>\n\t\t\t\t<\/div>\n\t\t<\/div>","protected":false},"excerpt":{"rendered":"<p>[vc_row css_animation=\u00a0\u00bb\u00a0\u00bb row_type=\u00a0\u00bbrow\u00a0\u00bb use_row_as_full_scre en_section=\u00a0\u00bbyes\u00a0\u00bb type=\u00a0\u00bbfull_width\u00a0\u00bb angled_section=\u00a0\u00bbno\u00a0\u00bb text_align=\u00a0\u00bbleft\u00a0\u00bb background_image_as_pattern=\u00a0\u00bbwithout_pattern\u00a0\u00bb padding_top=\u00a0\u00bb0&Prime; padding_bottom=\u00a0\u00bb0&Prime; anchor=\u00a0\u00bbhome\u00a0\u00bb z_index=\u00a0\u00bb\u00a0\u00bb css=\u00a0\u00bb.vc_custom_1731602803008{background-color: #EFEEEC !important;}\u00a0\u00bb][vc_column][\/vc_column][\/vc_row][vc_row css_animation=\u00a0\u00bb\u00a0\u00bb row_type=\u00a0\u00bbrow\u00a0\u00bb use_row_as_full_screen_section=\u00a0\u00bbno\u00a0\u00bb type=\u00a0\u00bbgrid\u00a0\u00bb angled_section=\u00a0\u00bbno\u00a0\u00bb text_align=\u00a0\u00bbleft\u00a0\u00bb background_image_as_pattern=\u00a0\u00bbwithout_pattern\u00a0\u00bb padding_top=\u00a0\u00bb20&Prime; padding_bottom=\u00a0\u00bb0&Prime; anchor=\u00a0\u00bbhome\u00a0\u00bb z_index=\u00a0\u00bb\u00a0\u00bb][vc_column][vc_row_inner row_type=\u00a0\u00bbrow\u00a0\u00bb type=\u00a0\u00bbfull_width\u00a0\u00bb text_align=\u00a0\u00bbleft\u00a0\u00bb css_animation=\u00a0\u00bb\u00a0\u00bb padding_bottom=\u00a0\u00bb10&Prime; anchor=\u00a0\u00bbhome\u00a0\u00bb][vc_column_inner width=\u00a0\u00bb1\/2&Prime; css=\u00a0\u00bb.vc_custom_1731515370088{padding-left: 40px !important;background-color: #959F3F !important;}\u00a0\u00bb][vc_separator type=\u00a0\u00bbtransparent\u00a0\u00bb up=\u00a0\u00bb25&Prime; down=\u00a0\u00bb0&Prime;][vc_column_text css=\u00a0\u00bb\u00a0\u00bb] Horaires du&#8230;<\/p>\n","protected":false},"author":1,"featured_media":0,"parent":0,"menu_order":0,"comment_status":"open","ping_status":"open","template":"full_width.php","meta":{"footnotes":""},"class_list":["post-14869","page","type-page","status-publish","hentry"],"_links":{"self":[{"href":"https:\/\/cmk.lu\/index.php?rest_route=\/wp\/v2\/pages\/14869","targetHints":{"allow":["GET"]}}],"collection":[{"href":"https:\/\/cmk.lu\/index.php?rest_route=\/wp\/v2\/pages"}],"about":[{"href":"https:\/\/cmk.lu\/index.php?rest_route=\/wp\/v2\/types\/page"}],"author":[{"embeddable":true,"href":"https:\/\/cmk.lu\/index.php?rest_route=\/wp\/v2\/users\/1"}],"replies":[{"embeddable":true,"href":"https:\/\/cmk.lu\/index.php?rest_route=%2Fwp%2Fv2%2Fcomments&post=14869"}],"version-history":[{"count":162,"href":"https:\/\/cmk.lu\/index.php?rest_route=\/wp\/v2\/pages\/14869\/revisions"}],"predecessor-version":[{"id":17621,"href":"https:\/\/cmk.lu\/index.php?rest_route=\/wp\/v2\/pages\/14869\/revisions\/17621"}],"wp:attachment":[{"href":"https:\/\/cmk.lu\/index.php?rest_route=%2Fwp%2Fv2%2Fmedia&parent=14869"}],"curies":[{"name":"wp","href":"https:\/\/api.w.org\/{rel}","templated":true}]}}